{"id":36473,"date":"2024-10-30T09:17:45","date_gmt":"2024-10-30T13:17:45","guid":{"rendered":"https:\/\/aqpf.qc.ca\/?post_type=product&#038;p=36473"},"modified":"2024-12-11T13:13:51","modified_gmt":"2024-12-11T18:13:51","slug":"lenseignement-de-loeuvre-complete%f0%9d%97%ae%f0%9d%98%82-%f0%9d%98%80%f0%9d%97%b2%f0%9d%97%b0%f0%9d%97%bc%f0%9d%97%bb%f0%9d%97%b1%f0%9d%97%ae%f0%9d%97%b6%f0%9d%97%bf%f0%9d%97%b2","status":"publish","type":"product","link":"https:\/\/aqpf.qc.ca\/en\/abonnement\/lenseignement-de-loeuvre-complete%f0%9d%97%ae%f0%9d%98%82-%f0%9d%98%80%f0%9d%97%b2%f0%9d%97%b0%f0%9d%97%bc%f0%9d%97%bb%f0%9d%97%b1%f0%9d%97%ae%f0%9d%97%b6%f0%9d%97%bf%f0%9d%97%b2\/","title":{"rendered":"L&#8217;enseignement de l\u2019oeuvre compl\u00e8te au secondaire"},"content":{"rendered":"<p><a href=\"&quot;https:\/\/drive.google.com\/file\/d\/182vgTkY7-b5Fei4TY019wLOU9WgbSLCC\/view?usp=sharing\">L&#8217;enseignement de l\u2019oeuvre compl\u00e8te au secondaires<\/a><\/p>\n<p>Cette formation explore les diff\u00e9rentes pistes p\u00e9dagogiques afin d&#8217;accompagner les \u00e9l\u00e8ves du secondaire lors de la lecture d&#8217;une \u0153uvre litt\u00e9raire. Les formatrices aborderont les diff\u00e9rentes phases lors de l&#8217;enseignement d&#8217;une \u0153uvre litt\u00e9raire ainsi que les strat\u00e9gies pour engager les \u00e9l\u00e8ves dans leur lecture.<br \/>\nDe plus, des id\u00e9es seront partag\u00e9es afin de d\u00e9velopper le plaisir de lire des \u00e9l\u00e8ves et une r\u00e9flexion sera propos\u00e9e sur l&#8217;\u00e9valuation des \u0153uvres obligatoires.<\/p>\n<p>\u27a1\ud835\uddd9\ud835\uddfc\ud835\uddff\ud835\uddfa\ud835\uddee\ud835\ude01\ud835\uddff\ud835\uddf6\ud835\uddf0\ud835\uddf2\ud835\ude00 : \ud835\uddd4\ud835\uddf9\ud835\uddf2\ud835\ude05\ud835\uddee\ud835\uddfb\ud835\uddf1\ud835\uddff\ud835\uddee \ud835\udde3\ud835\uddf5\ud835\uddee\ud835\uddff\ud835\uddee\ud835\uddfb\ud835\uddf1 \ud835\uddf2\ud835\ude01 \ud835\uddd4\ud835\uddf9\ud835\uddf2\ud835\ude05-\ud835\uddd4\ud835\uddfb\ud835\uddfb\ud835\uddf2 \ud835\uddd9\ud835\uddf9\ud835\uddee\ud835\uddfa\ud835\uddef\ud835\uddf2\ud835\uddff\ud835\ude01<\/p>\n<p>Alexandra prend plaisir \u00e0 s\u2019informer sur les nouvelles pratiques p\u00e9dagogiques, car il est fondamental pour elle de placer l\u2019innovation au c\u0153ur de son enseignement. Elle s&#8217;int\u00e9resse particuli\u00e8rement \u00e0 l&#8217;enseignement de la litt\u00e9rature et elle cherche constamment \u00e0 d\u00e9velopper le go\u00fbt de la lecture chez ses \u00e9l\u00e8ves.<\/p>\n<p>Alex-Anne enseigne le fran\u00e7ais au secondaire au Centre de services scolaire de la r\u00e9gion de Sherbrooke. Passionn\u00e9e par la litt\u00e9rature, elle partage aussi ses d\u00e9couvertes et ses projets sur son blogue, La Bibliomaniaque. Elle a d\u2019ailleurs remport\u00e9 le prix \u00c9tincelle en 2022 pour souligner son implication dans la valorisation de la lecture.<\/p>\n","protected":false},"excerpt":{"rendered":"<p>\ud835\udddf&#8217;\ud835\uddf2\ud835\uddfb\ud835\ude00\ud835\uddf2\ud835\uddf6\ud835\uddf4\ud835\uddfb\ud835\uddf2\ud835\uddfa\ud835\uddf2\ud835\uddfb\ud835\ude01 \ud835\uddf1\ud835\uddf2 \ud835\uddf9&#8217;\ud835\uddfc\ud835\uddf2\ud835\ude02\ud835\ude03\ud835\uddff\ud835\uddf2 \ud835\uddf0\ud835\uddfc\ud835\uddfa\ud835\uddfd\ud835\uddf9\ud835\uddf2\u0300\ud835\ude01\ud835\uddf2 \ud835\uddee\ud835\ude02 \ud835\ude00\ud835\uddf2\ud835\uddf0\ud835\uddfc\ud835\uddfb\ud835\uddf1\ud835\uddee\ud835\uddf6\ud835\uddff\ud835\uddf2<br \/>\nCette formation explore les diff\u00e9rentes pistes p\u00e9dagogiques afin d&#8217;accompagner les \u00e9l\u00e8ves du secondaire lors de la lecture d&#8217;une \u0153uvre litt\u00e9raire. Les formatrices aborderont les diff\u00e9rentes phases lors de l&#8217;enseignement d&#8217;une \u0153uvre litt\u00e9raire ainsi que les strat\u00e9gies pour engager les \u00e9l\u00e8ves dans leur lecture.<br \/>\nDe plus, des id\u00e9es seront partag\u00e9es afin de d\u00e9velopper le plaisir de lire des \u00e9l\u00e8ves et une r\u00e9flexion sera propos\u00e9e sur l&#8217;\u00e9valuation des \u0153uvres obligatoires.<\/p>\n<p>\u27a1\ud835\uddd9\ud835\uddfc\ud835\uddff\ud835\uddfa\ud835\uddee\ud835\ude01\ud835\uddff\ud835\uddf6\ud835\uddf0\ud835\uddf2\ud835\ude00 : \ud835\uddd4\ud835\uddf9\ud835\uddf2\ud835\ude05\ud835\uddee\ud835\uddfb\ud835\uddf1\ud835\uddff\ud835\uddee \ud835\udde3\ud835\uddf5\ud835\uddee\ud835\uddff\ud835\uddee\ud835\uddfb\ud835\uddf1 \ud835\uddf2\ud835\ude01 \ud835\uddd4\ud835\uddf9\ud835\uddf2\ud835\ude05-\ud835\uddd4\ud835\uddfb\ud835\uddfb\ud835\uddf2 \ud835\uddd9\ud835\uddf9\ud835\uddee\ud835\uddfa\ud835\uddef\ud835\uddf2\ud835\uddff\ud835\ude01<\/p>\n<p>Alexandra prend plaisir \u00e0 s\u2019informer sur les nouvelles pratiques p\u00e9dagogiques, car il est fondamental pour elle de placer l\u2019innovation au c\u0153ur de son enseignement. Elle s&#8217;int\u00e9resse particuli\u00e8rement \u00e0 l&#8217;enseignement de la litt\u00e9rature et elle cherche constamment \u00e0 d\u00e9velopper le go\u00fbt de la lecture chez ses \u00e9l\u00e8ves.<\/p>\n<p>Alex-Anne enseigne le fran\u00e7ais au secondaire au Centre de services scolaire de la r\u00e9gion de Sherbrooke. Passionn\u00e9e par la litt\u00e9rature, elle partage aussi ses d\u00e9couvertes et ses projets sur son blogue, La Bibliomaniaque. Elle a d\u2019ailleurs remport\u00e9 le prix \u00c9tincelle en 2022 pour souligner son implication dans la valorisation de la lecture.<\/p>\n","protected":false},"featured_media":36118,"template":"","meta":{"_acf_changed":false},"product_brand":[],"product_cat":[601],"product_tag":[],"class_list":{"0":"post-36473","1":"product","2":"type-product","3":"status-publish","4":"has-post-thumbnail","6":"product_cat-formations","8":"first","9":"instock","10":"downloadable","11":"virtual","12":"taxable","13":"purchasable","14":"product-type-simple"},"composite_layout":"","composite_add_to_cart_form_location":"","composite_editable_in_cart":false,"composite_sold_individually_context":"","composite_shop_price_calc":"","composite_components":[],"composite_scenarios":[],"acf":[],"_links":{"self":[{"href":"https:\/\/aqpf.qc.ca\/en\/wp-json\/wp\/v2\/product\/36473","targetHints":{"allow":["GET"]}}],"collection":[{"href":"https:\/\/aqpf.qc.ca\/en\/wp-json\/wp\/v2\/product"}],"about":[{"href":"https:\/\/aqpf.qc.ca\/en\/wp-json\/wp\/v2\/types\/product"}],"wp:featuredmedia":[{"embeddable":true,"href":"https:\/\/aqpf.qc.ca\/en\/wp-json\/wp\/v2\/media\/36118"}],"wp:attachment":[{"href":"https:\/\/aqpf.qc.ca\/en\/wp-json\/wp\/v2\/media?parent=36473"}],"wp:term":[{"taxonomy":"product_brand","embeddable":true,"href":"https:\/\/aqpf.qc.ca\/en\/wp-json\/wp\/v2\/product_brand?post=36473"},{"taxonomy":"product_cat","embeddable":true,"href":"https:\/\/aqpf.qc.ca\/en\/wp-json\/wp\/v2\/product_cat?post=36473"},{"taxonomy":"product_tag","embeddable":true,"href":"https:\/\/aqpf.qc.ca\/en\/wp-json\/wp\/v2\/product_tag?post=36473"}],"curies":[{"name":"wp","href":"https:\/\/api.w.org\/{rel}","templated":true}]}}